{"id":10560,"date":"2022-12-22T17:59:16","date_gmt":"2022-12-22T16:59:16","guid":{"rendered":"https:\/\/hiros.be\/?post_type=artist&#038;p=10560"},"modified":"2023-11-28T17:38:19","modified_gmt":"2023-11-28T16:38:19","slug":"sarah-vanhee","status":"publish","type":"artist","link":"https:\/\/hiros.be\/fr\/artistes\/sarah-vanhee\/","title":{"rendered":"Sarah Vanhee"},"content":{"rendered":"\n<p>\u00b0&nbsp;1980, Ostende (BE)<\/p>\n\n\n\n<p>Sarah Vanhee est une artiste, une performeuse et une autrice de renomm\u00e9e internationale, qui a travaill\u00e9 au cours des 15&nbsp;derni\u00e8res ann\u00e9es dans le cadre des principaux arts du spectacle, mais aussi des arts visuels, du cin\u00e9ma et de la litt\u00e9rature. Elle est connue pour son travail transdisciplinaire et intersectoriel et pour inventer de nouvelles formes d\u2019art,&nbsp;dont l\u2019originalit\u00e9 est de faire appel \u00e0 la notion de dilettantisme. Son imagination radicale la pousse \u00e0 cr\u00e9er de nouvelles formes de&nbsp;r\u00e9cits&nbsp;ou \u00e0 intervenir&nbsp;profond\u00e9ment&nbsp;dans la r\u00e9alit\u00e9.&nbsp;Pour Sarah Vanhee, l\u2019art&nbsp;est un outil pour exposer les&nbsp;r\u00e9cits&nbsp;et les voix&nbsp;qui ont \u00e9t\u00e9 invisibilis\u00e9s par notre soci\u00e9t\u00e9.<\/p>\n\n\n\n<p>Sarah\u00a0Vanhee navigue entre l\u2019espace public et le champ artistique institutionnel. Elle a travaill\u00e9 dans des prisons, des salons priv\u00e9s, des champs, des th\u00e9\u00e2tres, sur des toiles publiques, dans des salles de r\u00e9union d\u2019entreprises, etc. Parmi ses oeuvres r\u00e9centes, citons notamment <em>M\u00e9m\u00e9<\/em> (sc\u00e8ne-performance),\u00a0<a href=\"https:\/\/www.sarahvanhee.com\/bodies-of-knowledge\" target=\"_blank\" rel=\"noreferrer noopener\"><em>bodies of knowledge<\/em><\/a>\u00a0(classe nomade),\u00a0<a href=\"https:\/\/www.sarahvanhee.com\/undercurrents\" target=\"_blank\" rel=\"noreferrer noopener\"><em>undercurrents<\/em><\/a>\u00a0(intervention),\u00a0<a href=\"https:\/\/hiros.be\/en\/project\/collected-screams\/\" target=\"_blank\" rel=\"noreferrer noopener\"><em>collected screams<\/em><\/a>\u00a0(conf\u00e9rence spectacle),\u00a0<a href=\"http:\/\/www.sarahvanhee.com\/unforetold\" target=\"_blank\" rel=\"noreferrer noopener\"><em>Unforetold<\/em><\/a><em>\u00a0<\/em>(performance sc\u00e9nique),\u00a0<a href=\"http:\/\/www.sarahvanhee.com\/the-making-of-justice\" target=\"_blank\" rel=\"noreferrer noopener\"><em>The Making of Justice<\/em><\/a>\u00a0(film),\u00a0<a href=\"https:\/\/www.sarahvanhee.com\/oblivion\" target=\"_blank\" rel=\"noreferrer noopener\"><em>Oblivion<\/em><\/a>\u00a0(performance sc\u00e9nique),\u00a0<a href=\"https:\/\/www.sarahvanhee.com\/untitled\" target=\"_blank\" rel=\"noreferrer noopener\"><em>Untitled<\/em><\/a><em>\u00a0<\/em>(rencontres dans des maisons priv\u00e9es),\u00a0<a href=\"https:\/\/www.sarahvanhee.com\/lectureforeveryone\" target=\"_blank\" rel=\"noreferrer noopener\"><em>Lecture For Every One<\/em><\/a>\u00a0(s\u00e9rie d\u2019intrusions).<\/p>\n\n\n\n<p>Selon&nbsp;Sarah&nbsp;Vanhee, l\u2019art appartient \u00e0 tout le monde et tout le monde peut devenir artiste.<\/p>\n\n\n\n<p>Malgr\u00e9 sa forte implantation locale,&nbsp;son&nbsp;travail conna\u00eet une large diffusion internationale dans des contextes vari\u00e9s tels que le KFDA (Bruxelles), le FTA (Montr\u00e9al), le Museo de Reina Sofia (Madrid), le Festival Actoral (Marseille), le Jihlava IDFF, le Van&nbsp;Abbe Museum (Eindhoven), le Centre Pompidou (Metz), iDans (Istanbul), le Printemps de Septembre (Toulouse), le Wiener Festwochen, etc.<\/p>\n\n\n\n<p>Sarah Vanhee a copubli\u00e9&nbsp;<a href=\"https:\/\/www.sarahvanhee.com\/untranslatables\" target=\"_blank\" rel=\"noreferrer noopener\"><em>Untranslatables<\/em><\/a>&nbsp;et est l\u2019autrice de&nbsp;<a href=\"https:\/\/artpapereditions.org\/products\/sarah-vanhee-lecture-for-every-one?_pos=1&amp;_sid=040973c64&amp;_ss=r\" target=\"_blank\" rel=\"noreferrer noopener\"><em>Lecture For Every One<\/em><\/a>,&nbsp;<a href=\"https:\/\/www.sarahvanhee.com\/cprojects\" target=\"_blank\" rel=\"noreferrer noopener\"><em>The Miraculous Life of Claire C<\/em><\/a><em>&nbsp;<\/em>et&nbsp;<em>TT<\/em>,&nbsp;parmi d\u2019autres textes publi\u00e9s dans les champs artistique et acad\u00e9mique.<\/p>\n\n\n\n<p>Sarah&nbsp;Vanhee d\u00e9tient un doctorat de l\u2019ARIA et de l\u2019\u00c9cole d\u2019art d\u2019Anvers.<\/p>\n\n\n\n<p>Elle collabore r\u00e9guli\u00e8rement avec le centre d\u2019art CAMPO (Gand) et fait partie des membres fondateurs de l\u2019ASBL Manyone (2025-2023) et de l\u2019ASBL BOK (2018-2023), toutes deux cr\u00e9\u00e9es par des artistes. Elle a particip\u00e9 \u00e0 des r\u00e9seaux europ\u00e9ens tels que ACT, APAP, House on Fire et Next Step. Depuis 2023, elle collabore avec HIROS.<\/p>\n\n\n\n<p><a href=\"http:\/\/www.sarahvanhee.com\" target=\"_blank\" rel=\"noreferrer noopener\">www.sarahvanhee.com<\/a><\/p>\n","protected":false},"excerpt":{"rendered":"<p>\u00b0&nbsp;1980, Ostende (BE) Sarah Vanhee est une artiste, une performeuse et une autrice de renomm\u00e9e<\/p>\n","protected":false},"author":5,"featured_media":11324,"template":"","acf":[],"yoast_head":"<!-- This site is optimized with the Yoast SEO plugin v20.3 - https:\/\/yoast.com\/wordpress\/plugins\/seo\/ -->\n<title>Sarah Vanhee &ndash; Hiros<\/title>\n<meta name=\"robots\" content=\"index, follow, max-snippet:-1, max-image-preview:large, max-video-preview:-1\" \/>\n<link rel=\"canonical\" href=\"https:\/\/hiros.be\/fr\/artistes\/sarah-vanhee\/\" \/>\n<meta property=\"og:locale\" content=\"fr_FR\" \/>\n<meta property=\"og:type\" content=\"article\" \/>\n<meta property=\"og:title\" content=\"Sarah Vanhee &ndash; Hiros\" \/>\n<meta property=\"og:description\" content=\"\u00b0&nbsp;1980, Ostende (BE) Sarah Vanhee est une artiste, une performeuse et une autrice de renomm\u00e9e\" \/>\n<meta property=\"og:url\" content=\"https:\/\/hiros.be\/fr\/artistes\/sarah-vanhee\/\" \/>\n<meta property=\"og:site_name\" content=\"Hiros\" \/>\n<meta property=\"article:modified_time\" content=\"2023-11-28T16:38:19+00:00\" \/>\n<meta property=\"og:image\" content=\"https:\/\/hiros.be\/wp-content\/uploads\/2022\/12\/horizontal-portrait-Sarah-Vanhee-c-Eva-Donckers-copy.jpeg\" \/>\n\t<meta property=\"og:image:width\" content=\"589\" \/>\n\t<meta property=\"og:image:height\" content=\"467\" \/>\n\t<meta property=\"og:image:type\" content=\"image\/jpeg\" \/>\n<meta name=\"twitter:card\" content=\"summary_large_image\" \/>\n<meta name=\"twitter:label1\" content=\"Dur\u00e9e de lecture estim\u00e9e\" \/>\n\t<meta name=\"twitter:data1\" content=\"2 minutes\" \/>\n<script type=\"application\/ld+json\" class=\"yoast-schema-graph\">{\"@context\":\"https:\/\/schema.org\",\"@graph\":[{\"@type\":\"WebPage\",\"@id\":\"https:\/\/hiros.be\/fr\/artistes\/sarah-vanhee\/\",\"url\":\"https:\/\/hiros.be\/fr\/artistes\/sarah-vanhee\/\",\"name\":\"Sarah Vanhee &ndash; Hiros\",\"isPartOf\":{\"@id\":\"https:\/\/hiros.be\/en\/#website\"},\"datePublished\":\"2022-12-22T16:59:16+00:00\",\"dateModified\":\"2023-11-28T16:38:19+00:00\",\"breadcrumb\":{\"@id\":\"https:\/\/hiros.be\/fr\/artistes\/sarah-vanhee\/#breadcrumb\"},\"inLanguage\":\"fr-FR\",\"potentialAction\":[{\"@type\":\"ReadAction\",\"target\":[\"https:\/\/hiros.be\/fr\/artistes\/sarah-vanhee\/\"]}]},{\"@type\":\"BreadcrumbList\",\"@id\":\"https:\/\/hiros.be\/fr\/artistes\/sarah-vanhee\/#breadcrumb\",\"itemListElement\":[{\"@type\":\"ListItem\",\"position\":1,\"name\":\"Artists\",\"item\":\"https:\/\/hiros.be\/en\/artist\/\"},{\"@type\":\"ListItem\",\"position\":2,\"name\":\"Sarah Vanhee\"}]},{\"@type\":\"WebSite\",\"@id\":\"https:\/\/hiros.be\/en\/#website\",\"url\":\"https:\/\/hiros.be\/en\/\",\"name\":\"Hiros\",\"description\":\"\",\"publisher\":{\"@id\":\"https:\/\/hiros.be\/en\/#organization\"},\"potentialAction\":[{\"@type\":\"SearchAction\",\"target\":{\"@type\":\"EntryPoint\",\"urlTemplate\":\"https:\/\/hiros.be\/en\/?s={search_term_string}\"},\"query-input\":\"required name=search_term_string\"}],\"inLanguage\":\"fr-FR\"},{\"@type\":\"Organization\",\"@id\":\"https:\/\/hiros.be\/en\/#organization\",\"name\":\"Hiros\",\"url\":\"https:\/\/hiros.be\/en\/\",\"logo\":{\"@type\":\"ImageObject\",\"inLanguage\":\"fr-FR\",\"@id\":\"https:\/\/hiros.be\/en\/#\/schema\/logo\/image\/\",\"url\":\"https:\/\/hiros.be\/wp-content\/uploads\/2021\/07\/Hiros_logo-1.svg\",\"contentUrl\":\"https:\/\/hiros.be\/wp-content\/uploads\/2021\/07\/Hiros_logo-1.svg\",\"caption\":\"Hiros\"},\"image\":{\"@id\":\"https:\/\/hiros.be\/en\/#\/schema\/logo\/image\/\"}}]}<\/script>\n<!-- \/ Yoast SEO plugin. -->","yoast_head_json":{"title":"Sarah Vanhee &ndash; Hiros","robots":{"index":"index","follow":"follow","max-snippet":"max-snippet:-1","max-image-preview":"max-image-preview:large","max-video-preview":"max-video-preview:-1"},"canonical":"https:\/\/hiros.be\/fr\/artistes\/sarah-vanhee\/","og_locale":"fr_FR","og_type":"article","og_title":"Sarah Vanhee &ndash; Hiros","og_description":"\u00b0&nbsp;1980, Ostende (BE) Sarah Vanhee est une artiste, une performeuse et une autrice de renomm\u00e9e","og_url":"https:\/\/hiros.be\/fr\/artistes\/sarah-vanhee\/","og_site_name":"Hiros","article_modified_time":"2023-11-28T16:38:19+00:00","og_image":[{"width":589,"height":467,"url":"https:\/\/hiros.be\/wp-content\/uploads\/2022\/12\/horizontal-portrait-Sarah-Vanhee-c-Eva-Donckers-copy.jpeg","type":"image\/jpeg"}],"twitter_card":"summary_large_image","twitter_misc":{"Dur\u00e9e de lecture estim\u00e9e":"2 minutes"},"schema":{"@context":"https:\/\/schema.org","@graph":[{"@type":"WebPage","@id":"https:\/\/hiros.be\/fr\/artistes\/sarah-vanhee\/","url":"https:\/\/hiros.be\/fr\/artistes\/sarah-vanhee\/","name":"Sarah Vanhee &ndash; Hiros","isPartOf":{"@id":"https:\/\/hiros.be\/en\/#website"},"datePublished":"2022-12-22T16:59:16+00:00","dateModified":"2023-11-28T16:38:19+00:00","breadcrumb":{"@id":"https:\/\/hiros.be\/fr\/artistes\/sarah-vanhee\/#breadcrumb"},"inLanguage":"fr-FR","potentialAction":[{"@type":"ReadAction","target":["https:\/\/hiros.be\/fr\/artistes\/sarah-vanhee\/"]}]},{"@type":"BreadcrumbList","@id":"https:\/\/hiros.be\/fr\/artistes\/sarah-vanhee\/#breadcrumb","itemListElement":[{"@type":"ListItem","position":1,"name":"Artists","item":"https:\/\/hiros.be\/en\/artist\/"},{"@type":"ListItem","position":2,"name":"Sarah Vanhee"}]},{"@type":"WebSite","@id":"https:\/\/hiros.be\/en\/#website","url":"https:\/\/hiros.be\/en\/","name":"Hiros","description":"","publisher":{"@id":"https:\/\/hiros.be\/en\/#organization"},"potentialAction":[{"@type":"SearchAction","target":{"@type":"EntryPoint","urlTemplate":"https:\/\/hiros.be\/en\/?s={search_term_string}"},"query-input":"required name=search_term_string"}],"inLanguage":"fr-FR"},{"@type":"Organization","@id":"https:\/\/hiros.be\/en\/#organization","name":"Hiros","url":"https:\/\/hiros.be\/en\/","logo":{"@type":"ImageObject","inLanguage":"fr-FR","@id":"https:\/\/hiros.be\/en\/#\/schema\/logo\/image\/","url":"https:\/\/hiros.be\/wp-content\/uploads\/2021\/07\/Hiros_logo-1.svg","contentUrl":"https:\/\/hiros.be\/wp-content\/uploads\/2021\/07\/Hiros_logo-1.svg","caption":"Hiros"},"image":{"@id":"https:\/\/hiros.be\/en\/#\/schema\/logo\/image\/"}}]}},"_links":{"self":[{"href":"https:\/\/hiros.be\/fr\/wp-json\/wp\/v2\/artist\/10560"}],"collection":[{"href":"https:\/\/hiros.be\/fr\/wp-json\/wp\/v2\/artist"}],"about":[{"href":"https:\/\/hiros.be\/fr\/wp-json\/wp\/v2\/types\/artist"}],"author":[{"embeddable":true,"href":"https:\/\/hiros.be\/fr\/wp-json\/wp\/v2\/users\/5"}],"wp:featuredmedia":[{"embeddable":true,"href":"https:\/\/hiros.be\/fr\/wp-json\/wp\/v2\/media\/11324"}],"wp:attachment":[{"href":"https:\/\/hiros.be\/fr\/wp-json\/wp\/v2\/media?parent=10560"}],"curies":[{"name":"wp","href":"https:\/\/api.w.org\/{rel}","templated":true}]}}