{"id":11718,"date":"2024-08-22T12:22:59","date_gmt":"2024-08-22T10:22:59","guid":{"rendered":"https:\/\/hiros.be\/?post_type=artist&#038;p=11718"},"modified":"2024-08-26T12:13:57","modified_gmt":"2024-08-26T10:13:57","slug":"carolina-mendonca","status":"publish","type":"artist","link":"https:\/\/hiros.be\/fr\/artistes\/carolina-mendonca\/","title":{"rendered":"Carolina Mendon\u00e7a"},"content":{"rendered":"\n<p>Carolina Mendon\u00e7a\u00a0est titulaire d\u2019un master en chor\u00e9graphie et performance de l\u2019Universit\u00e9 de Giessen en Allemagne et est dipl\u00f4m\u00e9e en arts de la sc\u00e8ne de l\u2019ECA-USP au Br\u00e9sil. Son projet le plus r\u00e9cent,\u00a0<em><strong>Zones of Resplendence<\/strong><\/em>\u00a0(2023), explore des perspectives f\u00e9ministes sur la violence. Ce travail a \u00e9t\u00e9 pr\u00e9sent\u00e9 au Beursschouwburg, aux Open Studios de workspacebrussels au Kaaistudios, ainsi que dans le cadre du festival It Takes a City.\u00a0<em><strong>Sirens<\/strong><\/em>\u00a0(2021) \u00e9tait une tentative d\u2019\u00e9couter le chant des sir\u00e8nes comme pratique collective, pr\u00e9sent\u00e9 au Belluard. Avec\u00a0<em><strong>Pulp &#8211; History as a Warm Wet Place<\/strong><\/em>\u00a0(2018), au Mousonturm, elle a explor\u00e9 une arch\u00e9ologie intuitive, dig\u00e9rant les vestiges des XVIIe et XVIIIe\u00a0si\u00e8cles. Dans\u00a0<strong><em>useless land<\/em>\u00a0<\/strong>(2018), en collaboration avec Catalina Insignares, elle a invit\u00e9 le public \u00e0 dormir en lisant pendant la nuit. Ce projet a \u00e9t\u00e9 pr\u00e9sent\u00e9 dans divers lieux tels que Maerzmusik \u00e0 Berlin, la Ferme de Buisson \u00e0 Paris, le Beursschouwburg \u00e0 Bruxelles et Sesta \u00e0 Prague.<\/p>\n\n\n\n<p>Carolina a \u00e9galement \u00e9t\u00e9 l\u2019une des commissaires de&nbsp;<em>NIDO<\/em>&nbsp;(2022) aux c\u00f4t\u00e9s de Suely Rolnik et Victoria Perez Royo\u2009; du Festival des Arts de la Sc\u00e8ne&nbsp;<em>VERBO<\/em>&nbsp;(2017) \u00e0 la Galeria Vermelho, et de&nbsp;<em>Temporada de Dan\u00e7a<\/em>&nbsp;(2017) \u00e0 Videobrasil, tous deux \u00e0 S\u00e3o Paulo. Elle m\u00e8ne des recherches pratiques et th\u00e9oriques qu\u2019elle partage lors d\u2019ateliers portant sur des pratiques telles que la t\u00e9l\u00e9pathie, la l\u00e9vitation et l\u2019\u00e9coute profonde, dans des institutions comme Exerce \u00e0 Montpellier (France), Tabakalera \u00e0 Donostia (Espagne), NIDO \u00e0 Rivera (Uruguay), HfmdK \u00e0 Francfort (Allemagne) et le Th\u00e9\u00e2tre National de T\u00e9h\u00e9ran (Iran).<\/p>\n\n\n\n<p>Carolina \u00e9labore toujours ses projets en collaboration avec d\u2019autres artistes, tels que Catalina Insignares, Marcelo Evelin, Marcela Santander, Dudu Quintanilha, Carolina Bianchi et bien d\u2019autres.<\/p>\n","protected":false},"excerpt":{"rendered":"<p>Carolina Mendon\u00e7a\u00a0est titulaire d\u2019un master en chor\u00e9graphie et performance de l\u2019Universit\u00e9 de Giessen en Allemagne<\/p>\n","protected":false},"author":5,"featured_media":11721,"template":"","acf":[],"yoast_head":"<!-- This site is optimized with the Yoast SEO plugin v20.3 - https:\/\/yoast.com\/wordpress\/plugins\/seo\/ -->\n<title>Carolina Mendon\u00e7a &ndash; Hiros<\/title>\n<meta name=\"robots\" content=\"index, follow, max-snippet:-1, max-image-preview:large, max-video-preview:-1\" \/>\n<link rel=\"canonical\" href=\"https:\/\/hiros.be\/fr\/artistes\/carolina-mendonca\/\" \/>\n<meta property=\"og:locale\" content=\"fr_FR\" \/>\n<meta property=\"og:type\" content=\"article\" \/>\n<meta property=\"og:title\" content=\"Carolina Mendon\u00e7a &ndash; Hiros\" \/>\n<meta property=\"og:description\" content=\"Carolina Mendon\u00e7a\u00a0est titulaire d\u2019un master en chor\u00e9graphie et performance de l\u2019Universit\u00e9 de Giessen en Allemagne\" \/>\n<meta property=\"og:url\" content=\"https:\/\/hiros.be\/fr\/artistes\/carolina-mendonca\/\" \/>\n<meta property=\"og:site_name\" content=\"Hiros\" \/>\n<meta property=\"article:modified_time\" content=\"2024-08-26T10:13:57+00:00\" \/>\n<meta property=\"og:image\" content=\"https:\/\/hiros.be\/wp-content\/uploads\/2024\/08\/Luisa-Callegari-final-1.jpeg\" \/>\n\t<meta property=\"og:image:width\" content=\"1806\" \/>\n\t<meta property=\"og:image:height\" content=\"1445\" \/>\n\t<meta property=\"og:image:type\" content=\"image\/jpeg\" \/>\n<meta name=\"twitter:card\" content=\"summary_large_image\" \/>\n<meta name=\"twitter:label1\" content=\"Dur\u00e9e de lecture estim\u00e9e\" \/>\n\t<meta name=\"twitter:data1\" content=\"2 minutes\" \/>\n<script type=\"application\/ld+json\" class=\"yoast-schema-graph\">{\"@context\":\"https:\/\/schema.org\",\"@graph\":[{\"@type\":\"WebPage\",\"@id\":\"https:\/\/hiros.be\/fr\/artistes\/carolina-mendonca\/\",\"url\":\"https:\/\/hiros.be\/fr\/artistes\/carolina-mendonca\/\",\"name\":\"Carolina Mendon\u00e7a &ndash; Hiros\",\"isPartOf\":{\"@id\":\"https:\/\/hiros.be\/en\/#website\"},\"datePublished\":\"2024-08-22T10:22:59+00:00\",\"dateModified\":\"2024-08-26T10:13:57+00:00\",\"breadcrumb\":{\"@id\":\"https:\/\/hiros.be\/fr\/artistes\/carolina-mendonca\/#breadcrumb\"},\"inLanguage\":\"fr-FR\",\"potentialAction\":[{\"@type\":\"ReadAction\",\"target\":[\"https:\/\/hiros.be\/fr\/artistes\/carolina-mendonca\/\"]}]},{\"@type\":\"BreadcrumbList\",\"@id\":\"https:\/\/hiros.be\/fr\/artistes\/carolina-mendonca\/#breadcrumb\",\"itemListElement\":[{\"@type\":\"ListItem\",\"position\":1,\"name\":\"Artists\",\"item\":\"https:\/\/hiros.be\/en\/artist\/\"},{\"@type\":\"ListItem\",\"position\":2,\"name\":\"Carolina Mendon\u00e7a\"}]},{\"@type\":\"WebSite\",\"@id\":\"https:\/\/hiros.be\/en\/#website\",\"url\":\"https:\/\/hiros.be\/en\/\",\"name\":\"Hiros\",\"description\":\"\",\"publisher\":{\"@id\":\"https:\/\/hiros.be\/en\/#organization\"},\"potentialAction\":[{\"@type\":\"SearchAction\",\"target\":{\"@type\":\"EntryPoint\",\"urlTemplate\":\"https:\/\/hiros.be\/en\/?s={search_term_string}\"},\"query-input\":\"required name=search_term_string\"}],\"inLanguage\":\"fr-FR\"},{\"@type\":\"Organization\",\"@id\":\"https:\/\/hiros.be\/en\/#organization\",\"name\":\"Hiros\",\"url\":\"https:\/\/hiros.be\/en\/\",\"logo\":{\"@type\":\"ImageObject\",\"inLanguage\":\"fr-FR\",\"@id\":\"https:\/\/hiros.be\/en\/#\/schema\/logo\/image\/\",\"url\":\"https:\/\/hiros.be\/wp-content\/uploads\/2021\/07\/Hiros_logo-1.svg\",\"contentUrl\":\"https:\/\/hiros.be\/wp-content\/uploads\/2021\/07\/Hiros_logo-1.svg\",\"caption\":\"Hiros\"},\"image\":{\"@id\":\"https:\/\/hiros.be\/en\/#\/schema\/logo\/image\/\"}}]}<\/script>\n<!-- \/ Yoast SEO plugin. -->","yoast_head_json":{"title":"Carolina Mendon\u00e7a &ndash; Hiros","robots":{"index":"index","follow":"follow","max-snippet":"max-snippet:-1","max-image-preview":"max-image-preview:large","max-video-preview":"max-video-preview:-1"},"canonical":"https:\/\/hiros.be\/fr\/artistes\/carolina-mendonca\/","og_locale":"fr_FR","og_type":"article","og_title":"Carolina Mendon\u00e7a &ndash; Hiros","og_description":"Carolina Mendon\u00e7a\u00a0est titulaire d\u2019un master en chor\u00e9graphie et performance de l\u2019Universit\u00e9 de Giessen en Allemagne","og_url":"https:\/\/hiros.be\/fr\/artistes\/carolina-mendonca\/","og_site_name":"Hiros","article_modified_time":"2024-08-26T10:13:57+00:00","og_image":[{"width":1806,"height":1445,"url":"https:\/\/hiros.be\/wp-content\/uploads\/2024\/08\/Luisa-Callegari-final-1.jpeg","type":"image\/jpeg"}],"twitter_card":"summary_large_image","twitter_misc":{"Dur\u00e9e de lecture estim\u00e9e":"2 minutes"},"schema":{"@context":"https:\/\/schema.org","@graph":[{"@type":"WebPage","@id":"https:\/\/hiros.be\/fr\/artistes\/carolina-mendonca\/","url":"https:\/\/hiros.be\/fr\/artistes\/carolina-mendonca\/","name":"Carolina Mendon\u00e7a &ndash; Hiros","isPartOf":{"@id":"https:\/\/hiros.be\/en\/#website"},"datePublished":"2024-08-22T10:22:59+00:00","dateModified":"2024-08-26T10:13:57+00:00","breadcrumb":{"@id":"https:\/\/hiros.be\/fr\/artistes\/carolina-mendonca\/#breadcrumb"},"inLanguage":"fr-FR","potentialAction":[{"@type":"ReadAction","target":["https:\/\/hiros.be\/fr\/artistes\/carolina-mendonca\/"]}]},{"@type":"BreadcrumbList","@id":"https:\/\/hiros.be\/fr\/artistes\/carolina-mendonca\/#breadcrumb","itemListElement":[{"@type":"ListItem","position":1,"name":"Artists","item":"https:\/\/hiros.be\/en\/artist\/"},{"@type":"ListItem","position":2,"name":"Carolina Mendon\u00e7a"}]},{"@type":"WebSite","@id":"https:\/\/hiros.be\/en\/#website","url":"https:\/\/hiros.be\/en\/","name":"Hiros","description":"","publisher":{"@id":"https:\/\/hiros.be\/en\/#organization"},"potentialAction":[{"@type":"SearchAction","target":{"@type":"EntryPoint","urlTemplate":"https:\/\/hiros.be\/en\/?s={search_term_string}"},"query-input":"required name=search_term_string"}],"inLanguage":"fr-FR"},{"@type":"Organization","@id":"https:\/\/hiros.be\/en\/#organization","name":"Hiros","url":"https:\/\/hiros.be\/en\/","logo":{"@type":"ImageObject","inLanguage":"fr-FR","@id":"https:\/\/hiros.be\/en\/#\/schema\/logo\/image\/","url":"https:\/\/hiros.be\/wp-content\/uploads\/2021\/07\/Hiros_logo-1.svg","contentUrl":"https:\/\/hiros.be\/wp-content\/uploads\/2021\/07\/Hiros_logo-1.svg","caption":"Hiros"},"image":{"@id":"https:\/\/hiros.be\/en\/#\/schema\/logo\/image\/"}}]}},"_links":{"self":[{"href":"https:\/\/hiros.be\/fr\/wp-json\/wp\/v2\/artist\/11718"}],"collection":[{"href":"https:\/\/hiros.be\/fr\/wp-json\/wp\/v2\/artist"}],"about":[{"href":"https:\/\/hiros.be\/fr\/wp-json\/wp\/v2\/types\/artist"}],"author":[{"embeddable":true,"href":"https:\/\/hiros.be\/fr\/wp-json\/wp\/v2\/users\/5"}],"wp:featuredmedia":[{"embeddable":true,"href":"https:\/\/hiros.be\/fr\/wp-json\/wp\/v2\/media\/11721"}],"wp:attachment":[{"href":"https:\/\/hiros.be\/fr\/wp-json\/wp\/v2\/media?parent=11718"}],"curies":[{"name":"wp","href":"https:\/\/api.w.org\/{rel}","templated":true}]}}