{"id":2294,"date":"2021-10-05T16:26:12","date_gmt":"2021-10-05T14:26:12","guid":{"rendered":"http:\/\/hiros.alwaysdata.net\/project\/hertz-2\/"},"modified":"2021-11-23T14:24:30","modified_gmt":"2021-11-23T13:24:30","slug":"hertz-2","status":"publish","type":"project","link":"https:\/\/hiros.be\/nl\/project\/hertz-2\/","title":{"rendered":"HERTZ"},"content":{"rendered":"<p>De voorstelling werd gecre\u00eberd samen met geluidsartiest Fr\u00e9d\u00e9ric Alstadt, lichtontwerper Jan Fedinger, muzikanten Kjetil Brandsdal, Morten J. Olsen, Jonathan Saldanha en performers Martin Lervik en Stina Nyberg. Hertz destabiliseert&nbsp;de conventies van het \u201ckijken\u201d naar performances door de manier waarop we onze zintuigen gebruiken, uit te dagen. Het laatste zichtbare licht in het theater wordt aan onze ogen&nbsp;ontnomen, geluiden worden laag na laag op elkaar gelegd met een densiteit en intensiteit die onze (her)kenning, ori\u00ebntatie en begrip op een&nbsp;drastische manier vertraagd. Hertz is een hoog atmosferische choreografie van geluid, licht, objecten en menselijke lichamen waarin elke fysieke manifestatie tijdelijk en onvoorspelbaar is.<\/p>\n","protected":false},"excerpt":{"rendered":"<p>De voorstelling werd gecre\u00eberd samen met geluidsartiest Fr\u00e9d\u00e9ric Alstadt, lichtontwerper Jan Fedinger, muzikanten Kjetil Brandsdal,<\/p>\n","protected":false},"author":2,"featured_media":2291,"template":"","nature":[],"sub-category":[],"agenda-year":[30,29,207,32],"acf":[],"yoast_head":"<!-- This site is optimized with the Yoast SEO plugin v20.3 - https:\/\/yoast.com\/wordpress\/plugins\/seo\/ -->\n<title>HERTZ &ndash; Hiros<\/title>\n<meta name=\"robots\" content=\"index, follow, max-snippet:-1, max-image-preview:large, max-video-preview:-1\" \/>\n<link rel=\"canonical\" href=\"https:\/\/hiros.be\/nl\/project\/hertz-2\/\" \/>\n<meta property=\"og:locale\" content=\"nl_NL\" \/>\n<meta property=\"og:type\" content=\"article\" \/>\n<meta property=\"og:title\" content=\"HERTZ &ndash; Hiros\" \/>\n<meta property=\"og:description\" content=\"De voorstelling werd gecre\u00eberd samen met geluidsartiest Fr\u00e9d\u00e9ric Alstadt, lichtontwerper Jan Fedinger, muzikanten Kjetil Brandsdal,\" \/>\n<meta property=\"og:url\" content=\"https:\/\/hiros.be\/nl\/project\/hertz-2\/\" \/>\n<meta property=\"og:site_name\" content=\"Hiros\" \/>\n<meta property=\"article:modified_time\" content=\"2021-11-23T13:24:30+00:00\" \/>\n<meta property=\"og:image\" content=\"https:\/\/hiros.be\/wp-content\/uploads\/2021\/10\/Hertz_press_2_web-scaled.jpg\" \/>\n\t<meta property=\"og:image:width\" content=\"2560\" \/>\n\t<meta property=\"og:image:height\" content=\"1545\" \/>\n\t<meta property=\"og:image:type\" content=\"image\/jpeg\" \/>\n<meta name=\"twitter:card\" content=\"summary_large_image\" \/>\n<meta name=\"twitter:label1\" content=\"Geschatte leestijd\" \/>\n\t<meta name=\"twitter:data1\" content=\"1 minuut\" \/>\n<script type=\"application\/ld+json\" class=\"yoast-schema-graph\">{\"@context\":\"https:\/\/schema.org\",\"@graph\":[{\"@type\":\"WebPage\",\"@id\":\"https:\/\/hiros.be\/nl\/project\/hertz-2\/\",\"url\":\"https:\/\/hiros.be\/nl\/project\/hertz-2\/\",\"name\":\"HERTZ &ndash; Hiros\",\"isPartOf\":{\"@id\":\"https:\/\/hiros.be\/en\/#website\"},\"datePublished\":\"2021-10-05T14:26:12+00:00\",\"dateModified\":\"2021-11-23T13:24:30+00:00\",\"breadcrumb\":{\"@id\":\"https:\/\/hiros.be\/nl\/project\/hertz-2\/#breadcrumb\"},\"inLanguage\":\"nl\",\"potentialAction\":[{\"@type\":\"ReadAction\",\"target\":[\"https:\/\/hiros.be\/nl\/project\/hertz-2\/\"]}]},{\"@type\":\"BreadcrumbList\",\"@id\":\"https:\/\/hiros.be\/nl\/project\/hertz-2\/#breadcrumb\",\"itemListElement\":[{\"@type\":\"ListItem\",\"position\":1,\"name\":\"Projects\",\"item\":\"https:\/\/hiros.be\/en\/project\/\"},{\"@type\":\"ListItem\",\"position\":2,\"name\":\"HERTZ\"}]},{\"@type\":\"WebSite\",\"@id\":\"https:\/\/hiros.be\/en\/#website\",\"url\":\"https:\/\/hiros.be\/en\/\",\"name\":\"Hiros\",\"description\":\"\",\"publisher\":{\"@id\":\"https:\/\/hiros.be\/en\/#organization\"},\"potentialAction\":[{\"@type\":\"SearchAction\",\"target\":{\"@type\":\"EntryPoint\",\"urlTemplate\":\"https:\/\/hiros.be\/en\/?s={search_term_string}\"},\"query-input\":\"required name=search_term_string\"}],\"inLanguage\":\"nl\"},{\"@type\":\"Organization\",\"@id\":\"https:\/\/hiros.be\/en\/#organization\",\"name\":\"Hiros\",\"url\":\"https:\/\/hiros.be\/en\/\",\"logo\":{\"@type\":\"ImageObject\",\"inLanguage\":\"nl\",\"@id\":\"https:\/\/hiros.be\/en\/#\/schema\/logo\/image\/\",\"url\":\"https:\/\/hiros.be\/wp-content\/uploads\/2021\/07\/Hiros_logo-1.svg\",\"contentUrl\":\"https:\/\/hiros.be\/wp-content\/uploads\/2021\/07\/Hiros_logo-1.svg\",\"caption\":\"Hiros\"},\"image\":{\"@id\":\"https:\/\/hiros.be\/en\/#\/schema\/logo\/image\/\"}}]}<\/script>\n<!-- \/ Yoast SEO plugin. -->","yoast_head_json":{"title":"HERTZ &ndash; Hiros","robots":{"index":"index","follow":"follow","max-snippet":"max-snippet:-1","max-image-preview":"max-image-preview:large","max-video-preview":"max-video-preview:-1"},"canonical":"https:\/\/hiros.be\/nl\/project\/hertz-2\/","og_locale":"nl_NL","og_type":"article","og_title":"HERTZ &ndash; Hiros","og_description":"De voorstelling werd gecre\u00eberd samen met geluidsartiest Fr\u00e9d\u00e9ric Alstadt, lichtontwerper Jan Fedinger, muzikanten Kjetil Brandsdal,","og_url":"https:\/\/hiros.be\/nl\/project\/hertz-2\/","og_site_name":"Hiros","article_modified_time":"2021-11-23T13:24:30+00:00","og_image":[{"width":2560,"height":1545,"url":"https:\/\/hiros.be\/wp-content\/uploads\/2021\/10\/Hertz_press_2_web-scaled.jpg","type":"image\/jpeg"}],"twitter_card":"summary_large_image","twitter_misc":{"Geschatte leestijd":"1 minuut"},"schema":{"@context":"https:\/\/schema.org","@graph":[{"@type":"WebPage","@id":"https:\/\/hiros.be\/nl\/project\/hertz-2\/","url":"https:\/\/hiros.be\/nl\/project\/hertz-2\/","name":"HERTZ &ndash; Hiros","isPartOf":{"@id":"https:\/\/hiros.be\/en\/#website"},"datePublished":"2021-10-05T14:26:12+00:00","dateModified":"2021-11-23T13:24:30+00:00","breadcrumb":{"@id":"https:\/\/hiros.be\/nl\/project\/hertz-2\/#breadcrumb"},"inLanguage":"nl","potentialAction":[{"@type":"ReadAction","target":["https:\/\/hiros.be\/nl\/project\/hertz-2\/"]}]},{"@type":"BreadcrumbList","@id":"https:\/\/hiros.be\/nl\/project\/hertz-2\/#breadcrumb","itemListElement":[{"@type":"ListItem","position":1,"name":"Projects","item":"https:\/\/hiros.be\/en\/project\/"},{"@type":"ListItem","position":2,"name":"HERTZ"}]},{"@type":"WebSite","@id":"https:\/\/hiros.be\/en\/#website","url":"https:\/\/hiros.be\/en\/","name":"Hiros","description":"","publisher":{"@id":"https:\/\/hiros.be\/en\/#organization"},"potentialAction":[{"@type":"SearchAction","target":{"@type":"EntryPoint","urlTemplate":"https:\/\/hiros.be\/en\/?s={search_term_string}"},"query-input":"required name=search_term_string"}],"inLanguage":"nl"},{"@type":"Organization","@id":"https:\/\/hiros.be\/en\/#organization","name":"Hiros","url":"https:\/\/hiros.be\/en\/","logo":{"@type":"ImageObject","inLanguage":"nl","@id":"https:\/\/hiros.be\/en\/#\/schema\/logo\/image\/","url":"https:\/\/hiros.be\/wp-content\/uploads\/2021\/07\/Hiros_logo-1.svg","contentUrl":"https:\/\/hiros.be\/wp-content\/uploads\/2021\/07\/Hiros_logo-1.svg","caption":"Hiros"},"image":{"@id":"https:\/\/hiros.be\/en\/#\/schema\/logo\/image\/"}}]}},"_links":{"self":[{"href":"https:\/\/hiros.be\/nl\/wp-json\/wp\/v2\/project\/2294"}],"collection":[{"href":"https:\/\/hiros.be\/nl\/wp-json\/wp\/v2\/project"}],"about":[{"href":"https:\/\/hiros.be\/nl\/wp-json\/wp\/v2\/types\/project"}],"author":[{"embeddable":true,"href":"https:\/\/hiros.be\/nl\/wp-json\/wp\/v2\/users\/2"}],"wp:featuredmedia":[{"embeddable":true,"href":"https:\/\/hiros.be\/nl\/wp-json\/wp\/v2\/media\/2291"}],"wp:attachment":[{"href":"https:\/\/hiros.be\/nl\/wp-json\/wp\/v2\/media?parent=2294"}],"wp:term":[{"taxonomy":"nature","embeddable":true,"href":"https:\/\/hiros.be\/nl\/wp-json\/wp\/v2\/nature?post=2294"},{"taxonomy":"sub-category","embeddable":true,"href":"https:\/\/hiros.be\/nl\/wp-json\/wp\/v2\/sub-category?post=2294"},{"taxonomy":"agenda-year","embeddable":true,"href":"https:\/\/hiros.be\/nl\/wp-json\/wp\/v2\/agenda-year?post=2294"}],"curies":[{"name":"wp","href":"https:\/\/api.w.org\/{rel}","templated":true}]}}